{"id":3851,"date":"2023-01-13T14:08:24","date_gmt":"2023-01-13T13:08:24","guid":{"rendered":"https:\/\/emakumeakzientzian.eus\/ekitaldiak\/eskolara-itzulera\/"},"modified":"2024-12-10T19:09:44","modified_gmt":"2024-12-10T18:09:44","slug":"la-vuelta-al-cole","status":"publish","type":"ekitaldiak","link":"https:\/\/emakumeakzientzian.eus\/es\/ekitaldiak\/la-vuelta-al-cole\/","title":{"rendered":"La vuelta al cole"},"content":{"rendered":"<p><img loading=\"lazy\" decoding=\"async\" class=\" wp-image-6803 alignleft\" src=\"https:\/\/emakumeakzientzian.eus\/wp-content\/uploads\/2023\/01\/Flow-Eskolara-ES-1-300x212.png\" alt=\"\" width=\"410\" height=\"290\" srcset=\"https:\/\/emakumeakzientzian.eus\/wp-content\/uploads\/2023\/01\/Flow-Eskolara-ES-1-300x212.png 300w, https:\/\/emakumeakzientzian.eus\/wp-content\/uploads\/2023\/01\/Flow-Eskolara-ES-1-1024x724.png 1024w, https:\/\/emakumeakzientzian.eus\/wp-content\/uploads\/2023\/01\/Flow-Eskolara-ES-1-503x356.png 503w, https:\/\/emakumeakzientzian.eus\/wp-content\/uploads\/2023\/01\/Flow-Eskolara-ES-1.png 2000w\" sizes=\"auto, (max-width: 410px) 100vw, 410px\" \/>Las mujeres cient\u00edficas y tecn\u00f3logas de nuestros centros vuelven a la escuela. Esta vez, pueden volver a tu colegio.<\/p>\n<p>Queremos acercar el trabajo de nuestras cient\u00edficas y tecn\u00f3logas a los colegios para visibilizar su trabajo y despertar vocaciones cient\u00edfico-tecnol\u00f3gicas en los estudiantes de hoy en d\u00eda.<\/p>\n<p>Si quieres recibir la charla de una cient\u00edfica en tu colegio, rellena el cuestionario y <strong>te pondremos en contacto con ella por email entre los d\u00edas 20 y 31 de enero.<\/strong><\/p>\n<p>Despu\u00e9s, seg\u00fan la disponibilidad que teng\u00e1is ambos\u00a0 podr\u00e9is concertar directamente con ella la fecha de la conferencia. <strong>Estas conferencias se pueden celebrar desde el 17 de febrero hasta el 17 de junio.<\/strong><\/p>\n<p>Animaros y acercad la realidad de una mujer cient\u00edfica o tecn\u00f3loga a vuestros alumnos y alumnas. <strong>El cuestionario estar\u00e1 abierto desde el 9 de diciembre hasta el 21 de diciembre.<\/strong><\/p>\n<p><em><strong>NOTAS:<\/strong>\u00a0<\/em><\/p>\n<ul>\n<li><em>Preguntamos en qu\u00e9 idioma prefer\u00eds recibir la charla en el cuestionario, pero no podemos garantizar esa preferencia, ya que algunas mujeres cient\u00edficas y tecn\u00f3logas de nuestros centros de investigaci\u00f3n no son de Euskal Herria. Aunque entendemos la importancia de la lengua, nuestra recomendaci\u00f3n es dar prioridad a la experiencia.<\/em><\/li>\n<li>Garantizamos \u00fanicamente una charla por centro escolar.<\/li>\n<\/ul>\n","protected":false},"featured_media":3850,"template":"","publikoa":[58],"ekintza_mota":[66],"kokalekuak":[],"udalerria":[],"class_list":["post-3851","ekitaldiak","type-ekitaldiak","status-publish","has-post-thumbnail","hentry","publikoa-escuelas","ekintza_mota-charlas-presentaciones"],"acf":[],"yoast_head":"<!-- This site is optimized with the Yoast SEO plugin v27.3 - https:\/\/yoast.com\/product\/yoast-seo-wordpress\/ -->\n<title>La vuelta al cole - Emakumeak zientzian<\/title>\n<meta name=\"description\" content=\"Las mujeres cient\u00edficas de nuestros centros vuelven a la escuela. Esta vez, pueden volver a tu colegio.Queremos acercar el trabajo de nuestras cient\u00edficas a los colegios para visibilizar su trabajo y despertar vocaciones cient\u00edfico-tecnol\u00f3gicas en los estudiantes de hoy en d\u00eda.\" \/>\n<meta name=\"robots\" content=\"index, follow, max-snippet:-1, max-image-preview:large, max-video-preview:-1\" \/>\n<link rel=\"canonical\" href=\"https:\/\/emakumeakzientzian.eus\/es\/ekitaldiak\/la-vuelta-al-cole\/\" \/>\n<meta property=\"og:locale\" content=\"es_ES\" \/>\n<meta property=\"og:type\" content=\"article\" \/>\n<meta property=\"og:title\" content=\"La vuelta al cole - Emakumeak zientzian\" \/>\n<meta property=\"og:description\" content=\"Las mujeres cient\u00edficas de nuestros centros vuelven a la escuela. Esta vez, pueden volver a tu colegio.Queremos acercar el trabajo de nuestras cient\u00edficas a los colegios para visibilizar su trabajo y despertar vocaciones cient\u00edfico-tecnol\u00f3gicas en los estudiantes de hoy en d\u00eda.\" \/>\n<meta property=\"og:url\" content=\"https:\/\/emakumeakzientzian.eus\/es\/ekitaldiak\/la-vuelta-al-cole\/\" \/>\n<meta property=\"og:site_name\" content=\"Emakumeak zientzian\" \/>\n<meta property=\"article:modified_time\" content=\"2024-12-10T18:09:44+00:00\" \/>\n<meta property=\"og:image\" content=\"https:\/\/emakumeakzientzian.eus\/wp-content\/uploads\/2023\/01\/ESKOLARA-ITZULERA.jpeg\" \/>\n\t<meta property=\"og:image:width\" content=\"1024\" \/>\n\t<meta property=\"og:image:height\" content=\"682\" \/>\n\t<meta property=\"og:image:type\" content=\"image\/jpeg\" \/>\n<meta name=\"twitter:card\" content=\"summary_large_image\" \/>\n<meta name=\"twitter:label1\" content=\"Tiempo de lectura\" \/>\n\t<meta name=\"twitter:data1\" content=\"2 minutos\" \/>\n<script type=\"application\/ld+json\" class=\"yoast-schema-graph\">{\"@context\":\"https:\\\/\\\/schema.org\",\"@graph\":[{\"@type\":\"WebPage\",\"@id\":\"https:\\\/\\\/emakumeakzientzian.eus\\\/es\\\/ekitaldiak\\\/la-vuelta-al-cole\\\/\",\"url\":\"https:\\\/\\\/emakumeakzientzian.eus\\\/es\\\/ekitaldiak\\\/la-vuelta-al-cole\\\/\",\"name\":\"La vuelta al cole - Emakumeak zientzian\",\"isPartOf\":{\"@id\":\"https:\\\/\\\/emakumeakzientzian.eus\\\/es\\\/#website\"},\"primaryImageOfPage\":{\"@id\":\"https:\\\/\\\/emakumeakzientzian.eus\\\/es\\\/ekitaldiak\\\/la-vuelta-al-cole\\\/#primaryimage\"},\"image\":{\"@id\":\"https:\\\/\\\/emakumeakzientzian.eus\\\/es\\\/ekitaldiak\\\/la-vuelta-al-cole\\\/#primaryimage\"},\"thumbnailUrl\":\"https:\\\/\\\/emakumeakzientzian.eus\\\/wp-content\\\/uploads\\\/2023\\\/01\\\/ESKOLARA-ITZULERA.jpeg\",\"datePublished\":\"2023-01-13T13:08:24+00:00\",\"dateModified\":\"2024-12-10T18:09:44+00:00\",\"description\":\"Las mujeres cient\u00edficas de nuestros centros vuelven a la escuela. Esta vez, pueden volver a tu colegio.Queremos acercar el trabajo de nuestras cient\u00edficas a los colegios para visibilizar su trabajo y despertar vocaciones cient\u00edfico-tecnol\u00f3gicas en los estudiantes de hoy en d\u00eda.\",\"breadcrumb\":{\"@id\":\"https:\\\/\\\/emakumeakzientzian.eus\\\/es\\\/ekitaldiak\\\/la-vuelta-al-cole\\\/#breadcrumb\"},\"inLanguage\":\"es\",\"potentialAction\":[{\"@type\":\"ReadAction\",\"target\":[\"https:\\\/\\\/emakumeakzientzian.eus\\\/es\\\/ekitaldiak\\\/la-vuelta-al-cole\\\/\"]}]},{\"@type\":\"ImageObject\",\"inLanguage\":\"es\",\"@id\":\"https:\\\/\\\/emakumeakzientzian.eus\\\/es\\\/ekitaldiak\\\/la-vuelta-al-cole\\\/#primaryimage\",\"url\":\"https:\\\/\\\/emakumeakzientzian.eus\\\/wp-content\\\/uploads\\\/2023\\\/01\\\/ESKOLARA-ITZULERA.jpeg\",\"contentUrl\":\"https:\\\/\\\/emakumeakzientzian.eus\\\/wp-content\\\/uploads\\\/2023\\\/01\\\/ESKOLARA-ITZULERA.jpeg\",\"width\":1024,\"height\":682},{\"@type\":\"BreadcrumbList\",\"@id\":\"https:\\\/\\\/emakumeakzientzian.eus\\\/es\\\/ekitaldiak\\\/la-vuelta-al-cole\\\/#breadcrumb\",\"itemListElement\":[{\"@type\":\"ListItem\",\"position\":1,\"name\":\"Home\",\"item\":\"https:\\\/\\\/emakumeakzientzian.eus\\\/es\\\/\"},{\"@type\":\"ListItem\",\"position\":2,\"name\":\"La vuelta al cole\"}]},{\"@type\":\"WebSite\",\"@id\":\"https:\\\/\\\/emakumeakzientzian.eus\\\/es\\\/#website\",\"url\":\"https:\\\/\\\/emakumeakzientzian.eus\\\/es\\\/\",\"name\":\"Emakumeak zientzian\",\"description\":\"Emakumeak zientzian jardunaldiak\",\"publisher\":{\"@id\":\"https:\\\/\\\/emakumeakzientzian.eus\\\/es\\\/#organization\"},\"potentialAction\":[{\"@type\":\"SearchAction\",\"target\":{\"@type\":\"EntryPoint\",\"urlTemplate\":\"https:\\\/\\\/emakumeakzientzian.eus\\\/es\\\/?s={search_term_string}\"},\"query-input\":{\"@type\":\"PropertyValueSpecification\",\"valueRequired\":true,\"valueName\":\"search_term_string\"}}],\"inLanguage\":\"es\"},{\"@type\":\"Organization\",\"@id\":\"https:\\\/\\\/emakumeakzientzian.eus\\\/es\\\/#organization\",\"name\":\"Emakumeak Zientzian\",\"url\":\"https:\\\/\\\/emakumeakzientzian.eus\\\/es\\\/\",\"logo\":{\"@type\":\"ImageObject\",\"inLanguage\":\"es\",\"@id\":\"https:\\\/\\\/emakumeakzientzian.eus\\\/es\\\/#\\\/schema\\\/logo\\\/image\\\/\",\"url\":\"https:\\\/\\\/emakumeakzientzian.eus\\\/wp-content\\\/uploads\\\/2022\\\/11\\\/Logo-EEZZ.png\",\"contentUrl\":\"https:\\\/\\\/emakumeakzientzian.eus\\\/wp-content\\\/uploads\\\/2022\\\/11\\\/Logo-EEZZ.png\",\"width\":1364,\"height\":1396,\"caption\":\"Emakumeak Zientzian\"},\"image\":{\"@id\":\"https:\\\/\\\/emakumeakzientzian.eus\\\/es\\\/#\\\/schema\\\/logo\\\/image\\\/\"}}]}<\/script>\n<!-- \/ Yoast SEO plugin. -->","yoast_head_json":{"title":"La vuelta al cole - Emakumeak zientzian","description":"Las mujeres cient\u00edficas de nuestros centros vuelven a la escuela. Esta vez, pueden volver a tu colegio.Queremos acercar el trabajo de nuestras cient\u00edficas a los colegios para visibilizar su trabajo y despertar vocaciones cient\u00edfico-tecnol\u00f3gicas en los estudiantes de hoy en d\u00eda.","robots":{"index":"index","follow":"follow","max-snippet":"max-snippet:-1","max-image-preview":"max-image-preview:large","max-video-preview":"max-video-preview:-1"},"canonical":"https:\/\/emakumeakzientzian.eus\/es\/ekitaldiak\/la-vuelta-al-cole\/","og_locale":"es_ES","og_type":"article","og_title":"La vuelta al cole - Emakumeak zientzian","og_description":"Las mujeres cient\u00edficas de nuestros centros vuelven a la escuela. Esta vez, pueden volver a tu colegio.Queremos acercar el trabajo de nuestras cient\u00edficas a los colegios para visibilizar su trabajo y despertar vocaciones cient\u00edfico-tecnol\u00f3gicas en los estudiantes de hoy en d\u00eda.","og_url":"https:\/\/emakumeakzientzian.eus\/es\/ekitaldiak\/la-vuelta-al-cole\/","og_site_name":"Emakumeak zientzian","article_modified_time":"2024-12-10T18:09:44+00:00","og_image":[{"width":1024,"height":682,"url":"https:\/\/emakumeakzientzian.eus\/wp-content\/uploads\/2023\/01\/ESKOLARA-ITZULERA.jpeg","type":"image\/jpeg"}],"twitter_card":"summary_large_image","twitter_misc":{"Tiempo de lectura":"2 minutos"},"schema":{"@context":"https:\/\/schema.org","@graph":[{"@type":"WebPage","@id":"https:\/\/emakumeakzientzian.eus\/es\/ekitaldiak\/la-vuelta-al-cole\/","url":"https:\/\/emakumeakzientzian.eus\/es\/ekitaldiak\/la-vuelta-al-cole\/","name":"La vuelta al cole - Emakumeak zientzian","isPartOf":{"@id":"https:\/\/emakumeakzientzian.eus\/es\/#website"},"primaryImageOfPage":{"@id":"https:\/\/emakumeakzientzian.eus\/es\/ekitaldiak\/la-vuelta-al-cole\/#primaryimage"},"image":{"@id":"https:\/\/emakumeakzientzian.eus\/es\/ekitaldiak\/la-vuelta-al-cole\/#primaryimage"},"thumbnailUrl":"https:\/\/emakumeakzientzian.eus\/wp-content\/uploads\/2023\/01\/ESKOLARA-ITZULERA.jpeg","datePublished":"2023-01-13T13:08:24+00:00","dateModified":"2024-12-10T18:09:44+00:00","description":"Las mujeres cient\u00edficas de nuestros centros vuelven a la escuela. Esta vez, pueden volver a tu colegio.Queremos acercar el trabajo de nuestras cient\u00edficas a los colegios para visibilizar su trabajo y despertar vocaciones cient\u00edfico-tecnol\u00f3gicas en los estudiantes de hoy en d\u00eda.","breadcrumb":{"@id":"https:\/\/emakumeakzientzian.eus\/es\/ekitaldiak\/la-vuelta-al-cole\/#breadcrumb"},"inLanguage":"es","potentialAction":[{"@type":"ReadAction","target":["https:\/\/emakumeakzientzian.eus\/es\/ekitaldiak\/la-vuelta-al-cole\/"]}]},{"@type":"ImageObject","inLanguage":"es","@id":"https:\/\/emakumeakzientzian.eus\/es\/ekitaldiak\/la-vuelta-al-cole\/#primaryimage","url":"https:\/\/emakumeakzientzian.eus\/wp-content\/uploads\/2023\/01\/ESKOLARA-ITZULERA.jpeg","contentUrl":"https:\/\/emakumeakzientzian.eus\/wp-content\/uploads\/2023\/01\/ESKOLARA-ITZULERA.jpeg","width":1024,"height":682},{"@type":"BreadcrumbList","@id":"https:\/\/emakumeakzientzian.eus\/es\/ekitaldiak\/la-vuelta-al-cole\/#breadcrumb","itemListElement":[{"@type":"ListItem","position":1,"name":"Home","item":"https:\/\/emakumeakzientzian.eus\/es\/"},{"@type":"ListItem","position":2,"name":"La vuelta al cole"}]},{"@type":"WebSite","@id":"https:\/\/emakumeakzientzian.eus\/es\/#website","url":"https:\/\/emakumeakzientzian.eus\/es\/","name":"Emakumeak zientzian","description":"Emakumeak zientzian jardunaldiak","publisher":{"@id":"https:\/\/emakumeakzientzian.eus\/es\/#organization"},"potentialAction":[{"@type":"SearchAction","target":{"@type":"EntryPoint","urlTemplate":"https:\/\/emakumeakzientzian.eus\/es\/?s={search_term_string}"},"query-input":{"@type":"PropertyValueSpecification","valueRequired":true,"valueName":"search_term_string"}}],"inLanguage":"es"},{"@type":"Organization","@id":"https:\/\/emakumeakzientzian.eus\/es\/#organization","name":"Emakumeak Zientzian","url":"https:\/\/emakumeakzientzian.eus\/es\/","logo":{"@type":"ImageObject","inLanguage":"es","@id":"https:\/\/emakumeakzientzian.eus\/es\/#\/schema\/logo\/image\/","url":"https:\/\/emakumeakzientzian.eus\/wp-content\/uploads\/2022\/11\/Logo-EEZZ.png","contentUrl":"https:\/\/emakumeakzientzian.eus\/wp-content\/uploads\/2022\/11\/Logo-EEZZ.png","width":1364,"height":1396,"caption":"Emakumeak Zientzian"},"image":{"@id":"https:\/\/emakumeakzientzian.eus\/es\/#\/schema\/logo\/image\/"}}]}},"_links":{"self":[{"href":"https:\/\/emakumeakzientzian.eus\/es\/wp-json\/wp\/v2\/ekitaldiak\/3851","targetHints":{"allow":["GET"]}}],"collection":[{"href":"https:\/\/emakumeakzientzian.eus\/es\/wp-json\/wp\/v2\/ekitaldiak"}],"about":[{"href":"https:\/\/emakumeakzientzian.eus\/es\/wp-json\/wp\/v2\/types\/ekitaldiak"}],"wp:featuredmedia":[{"embeddable":true,"href":"https:\/\/emakumeakzientzian.eus\/es\/wp-json\/wp\/v2\/media\/3850"}],"wp:attachment":[{"href":"https:\/\/emakumeakzientzian.eus\/es\/wp-json\/wp\/v2\/media?parent=3851"}],"wp:term":[{"taxonomy":"publikoa","embeddable":true,"href":"https:\/\/emakumeakzientzian.eus\/es\/wp-json\/wp\/v2\/publikoa?post=3851"},{"taxonomy":"ekintza_mota","embeddable":true,"href":"https:\/\/emakumeakzientzian.eus\/es\/wp-json\/wp\/v2\/ekintza_mota?post=3851"},{"taxonomy":"kokalekuak","embeddable":true,"href":"https:\/\/emakumeakzientzian.eus\/es\/wp-json\/wp\/v2\/kokalekuak?post=3851"},{"taxonomy":"udalerria","embeddable":true,"href":"https:\/\/emakumeakzientzian.eus\/es\/wp-json\/wp\/v2\/udalerria?post=3851"}],"curies":[{"name":"wp","href":"https:\/\/api.w.org\/{rel}","templated":true}]}}