{"id":3704,"date":"2023-01-12T01:03:04","date_gmt":"2023-01-12T00:03:04","guid":{"rendered":"https:\/\/emakumeakzientzian.eus\/ekitaldiak\/zinema-eta-zientzia-2023-madame-curie-m-leroy-1943-elisa-jimenez-kimikariak-aurkeztuta-2\/"},"modified":"2023-01-15T11:03:44","modified_gmt":"2023-01-15T10:03:44","slug":"zinema-eta-zientzia-2023-madame-curie-m-leroy-1943-elisa-jimenez-kimikariak-aurkeztuta-2","status":"publish","type":"ekitaldiak","link":"https:\/\/emakumeakzientzian.eus\/es\/ekitaldiak\/zinema-eta-zientzia-2023-madame-curie-m-leroy-1943-elisa-jimenez-kimikariak-aurkeztuta-2\/","title":{"rendered":"Ciclo de Cine y Ciencia 2023 &#8211; Presentado por la qu\u00edmica Elisa Jimenez"},"content":{"rendered":"<p>El Ciclo de Cine y Ciencia organizado por el DIPC, Filmoteca Vasca y el Festival Internacional de San Sebasti\u00e1n celebra todos los a\u00f1os el D\u00eda Internacional de la Ni\u00f1a y la Mujer en Ciencia con la programaci\u00f3n de una proyecci\u00f3n especial junto a Emakumeak Zientzian.<\/p>\n<p>La pel\u00edcula escogida este a\u00f1o es el cl\u00e1sico Madame Curie (M. LeRoy, 1943) que se centra en la figura de la cient\u00edfica Marie Curie doblemente galardonada con el Premio Nobel y ser\u00e1 proyectada en versi\u00f3n original con subt\u00edtulos en euskera.<\/p>\n<p>La qu\u00edmica Elisa Jimenez ser\u00e1 la encarga de presentar y moderar la sesi\u00f3n.<\/p>\n","protected":false},"featured_media":3696,"template":"","publikoa":[48],"ekintza_mota":[60],"kokalekuak":[104],"udalerria":[123],"class_list":["post-3704","ekitaldiak","type-ekitaldiak","status-publish","has-post-thumbnail","hentry","publikoa-publico-general","ekintza_mota-proyeccion","kokalekuak-golem-baiona","udalerria-iruna"],"acf":[],"yoast_head":"<!-- This site is optimized with the Yoast SEO plugin v27.3 - https:\/\/yoast.com\/product\/yoast-seo-wordpress\/ -->\n<title>Ciclo de Cine y Ciencia 2023 - Presentado por la qu\u00edmica Elisa Jimenez - Emakumeak zientzian<\/title>\n<meta name=\"robots\" content=\"index, follow, max-snippet:-1, max-image-preview:large, max-video-preview:-1\" \/>\n<link rel=\"canonical\" href=\"https:\/\/emakumeakzientzian.eus\/es\/ekitaldiak\/zinema-eta-zientzia-2023-madame-curie-m-leroy-1943-elisa-jimenez-kimikariak-aurkeztuta-2\/\" \/>\n<meta property=\"og:locale\" content=\"es_ES\" \/>\n<meta property=\"og:type\" content=\"article\" \/>\n<meta property=\"og:title\" content=\"Ciclo de Cine y Ciencia 2023 - Presentado por la qu\u00edmica Elisa Jimenez - Emakumeak zientzian\" \/>\n<meta property=\"og:description\" content=\"El Ciclo de Cine y Ciencia organizado por el DIPC, Filmoteca Vasca y el Festival Internacional de San Sebasti\u00e1n celebra todos los a\u00f1os el D\u00eda Internacional de la Ni\u00f1a y la Mujer en Ciencia con la programaci\u00f3n de una proyecci\u00f3n especial junto a Emakumeak Zientzian. La pel\u00edcula escogida este a\u00f1o es el cl\u00e1sico Madame Curie...\" \/>\n<meta property=\"og:url\" content=\"https:\/\/emakumeakzientzian.eus\/es\/ekitaldiak\/zinema-eta-zientzia-2023-madame-curie-m-leroy-1943-elisa-jimenez-kimikariak-aurkeztuta-2\/\" \/>\n<meta property=\"og:site_name\" content=\"Emakumeak zientzian\" \/>\n<meta property=\"article:modified_time\" content=\"2023-01-15T10:03:44+00:00\" \/>\n<meta property=\"og:image\" content=\"https:\/\/emakumeakzientzian.eus\/wp-content\/uploads\/2023\/01\/Madame-Curie_0001.jpg\" \/>\n\t<meta property=\"og:image:width\" content=\"1312\" \/>\n\t<meta property=\"og:image:height\" content=\"1035\" \/>\n\t<meta property=\"og:image:type\" content=\"image\/jpeg\" \/>\n<meta name=\"twitter:card\" content=\"summary_large_image\" \/>\n<meta name=\"twitter:label1\" content=\"Tiempo de lectura\" \/>\n\t<meta name=\"twitter:data1\" content=\"1 minuto\" \/>\n<script type=\"application\/ld+json\" class=\"yoast-schema-graph\">{\"@context\":\"https:\\\/\\\/schema.org\",\"@graph\":[{\"@type\":\"WebPage\",\"@id\":\"https:\\\/\\\/emakumeakzientzian.eus\\\/es\\\/ekitaldiak\\\/zinema-eta-zientzia-2023-madame-curie-m-leroy-1943-elisa-jimenez-kimikariak-aurkeztuta-2\\\/\",\"url\":\"https:\\\/\\\/emakumeakzientzian.eus\\\/es\\\/ekitaldiak\\\/zinema-eta-zientzia-2023-madame-curie-m-leroy-1943-elisa-jimenez-kimikariak-aurkeztuta-2\\\/\",\"name\":\"Ciclo de Cine y Ciencia 2023 - Presentado por la qu\u00edmica Elisa Jimenez - Emakumeak zientzian\",\"isPartOf\":{\"@id\":\"https:\\\/\\\/emakumeakzientzian.eus\\\/es\\\/#website\"},\"primaryImageOfPage\":{\"@id\":\"https:\\\/\\\/emakumeakzientzian.eus\\\/es\\\/ekitaldiak\\\/zinema-eta-zientzia-2023-madame-curie-m-leroy-1943-elisa-jimenez-kimikariak-aurkeztuta-2\\\/#primaryimage\"},\"image\":{\"@id\":\"https:\\\/\\\/emakumeakzientzian.eus\\\/es\\\/ekitaldiak\\\/zinema-eta-zientzia-2023-madame-curie-m-leroy-1943-elisa-jimenez-kimikariak-aurkeztuta-2\\\/#primaryimage\"},\"thumbnailUrl\":\"https:\\\/\\\/emakumeakzientzian.eus\\\/wp-content\\\/uploads\\\/2023\\\/01\\\/Madame-Curie_0001.jpg\",\"datePublished\":\"2023-01-12T00:03:04+00:00\",\"dateModified\":\"2023-01-15T10:03:44+00:00\",\"breadcrumb\":{\"@id\":\"https:\\\/\\\/emakumeakzientzian.eus\\\/es\\\/ekitaldiak\\\/zinema-eta-zientzia-2023-madame-curie-m-leroy-1943-elisa-jimenez-kimikariak-aurkeztuta-2\\\/#breadcrumb\"},\"inLanguage\":\"es\",\"potentialAction\":[{\"@type\":\"ReadAction\",\"target\":[\"https:\\\/\\\/emakumeakzientzian.eus\\\/es\\\/ekitaldiak\\\/zinema-eta-zientzia-2023-madame-curie-m-leroy-1943-elisa-jimenez-kimikariak-aurkeztuta-2\\\/\"]}]},{\"@type\":\"ImageObject\",\"inLanguage\":\"es\",\"@id\":\"https:\\\/\\\/emakumeakzientzian.eus\\\/es\\\/ekitaldiak\\\/zinema-eta-zientzia-2023-madame-curie-m-leroy-1943-elisa-jimenez-kimikariak-aurkeztuta-2\\\/#primaryimage\",\"url\":\"https:\\\/\\\/emakumeakzientzian.eus\\\/wp-content\\\/uploads\\\/2023\\\/01\\\/Madame-Curie_0001.jpg\",\"contentUrl\":\"https:\\\/\\\/emakumeakzientzian.eus\\\/wp-content\\\/uploads\\\/2023\\\/01\\\/Madame-Curie_0001.jpg\",\"width\":1312,\"height\":1035},{\"@type\":\"BreadcrumbList\",\"@id\":\"https:\\\/\\\/emakumeakzientzian.eus\\\/es\\\/ekitaldiak\\\/zinema-eta-zientzia-2023-madame-curie-m-leroy-1943-elisa-jimenez-kimikariak-aurkeztuta-2\\\/#breadcrumb\",\"itemListElement\":[{\"@type\":\"ListItem\",\"position\":1,\"name\":\"Home\",\"item\":\"https:\\\/\\\/emakumeakzientzian.eus\\\/es\\\/\"},{\"@type\":\"ListItem\",\"position\":2,\"name\":\"Ciclo de Cine y Ciencia 2023 &#8211; Presentado por la qu\u00edmica Elisa Jimenez\"}]},{\"@type\":\"WebSite\",\"@id\":\"https:\\\/\\\/emakumeakzientzian.eus\\\/es\\\/#website\",\"url\":\"https:\\\/\\\/emakumeakzientzian.eus\\\/es\\\/\",\"name\":\"Emakumeak zientzian\",\"description\":\"Emakumeak zientzian jardunaldiak\",\"publisher\":{\"@id\":\"https:\\\/\\\/emakumeakzientzian.eus\\\/es\\\/#organization\"},\"potentialAction\":[{\"@type\":\"SearchAction\",\"target\":{\"@type\":\"EntryPoint\",\"urlTemplate\":\"https:\\\/\\\/emakumeakzientzian.eus\\\/es\\\/?s={search_term_string}\"},\"query-input\":{\"@type\":\"PropertyValueSpecification\",\"valueRequired\":true,\"valueName\":\"search_term_string\"}}],\"inLanguage\":\"es\"},{\"@type\":\"Organization\",\"@id\":\"https:\\\/\\\/emakumeakzientzian.eus\\\/es\\\/#organization\",\"name\":\"Emakumeak Zientzian\",\"url\":\"https:\\\/\\\/emakumeakzientzian.eus\\\/es\\\/\",\"logo\":{\"@type\":\"ImageObject\",\"inLanguage\":\"es\",\"@id\":\"https:\\\/\\\/emakumeakzientzian.eus\\\/es\\\/#\\\/schema\\\/logo\\\/image\\\/\",\"url\":\"https:\\\/\\\/emakumeakzientzian.eus\\\/wp-content\\\/uploads\\\/2022\\\/11\\\/Logo-EEZZ.png\",\"contentUrl\":\"https:\\\/\\\/emakumeakzientzian.eus\\\/wp-content\\\/uploads\\\/2022\\\/11\\\/Logo-EEZZ.png\",\"width\":1364,\"height\":1396,\"caption\":\"Emakumeak Zientzian\"},\"image\":{\"@id\":\"https:\\\/\\\/emakumeakzientzian.eus\\\/es\\\/#\\\/schema\\\/logo\\\/image\\\/\"}}]}<\/script>\n<!-- \/ Yoast SEO plugin. -->","yoast_head_json":{"title":"Ciclo de Cine y Ciencia 2023 - Presentado por la qu\u00edmica Elisa Jimenez - Emakumeak zientzian","robots":{"index":"index","follow":"follow","max-snippet":"max-snippet:-1","max-image-preview":"max-image-preview:large","max-video-preview":"max-video-preview:-1"},"canonical":"https:\/\/emakumeakzientzian.eus\/es\/ekitaldiak\/zinema-eta-zientzia-2023-madame-curie-m-leroy-1943-elisa-jimenez-kimikariak-aurkeztuta-2\/","og_locale":"es_ES","og_type":"article","og_title":"Ciclo de Cine y Ciencia 2023 - Presentado por la qu\u00edmica Elisa Jimenez - Emakumeak zientzian","og_description":"El Ciclo de Cine y Ciencia organizado por el DIPC, Filmoteca Vasca y el Festival Internacional de San Sebasti\u00e1n celebra todos los a\u00f1os el D\u00eda Internacional de la Ni\u00f1a y la Mujer en Ciencia con la programaci\u00f3n de una proyecci\u00f3n especial junto a Emakumeak Zientzian. La pel\u00edcula escogida este a\u00f1o es el cl\u00e1sico Madame Curie...","og_url":"https:\/\/emakumeakzientzian.eus\/es\/ekitaldiak\/zinema-eta-zientzia-2023-madame-curie-m-leroy-1943-elisa-jimenez-kimikariak-aurkeztuta-2\/","og_site_name":"Emakumeak zientzian","article_modified_time":"2023-01-15T10:03:44+00:00","og_image":[{"width":1312,"height":1035,"url":"https:\/\/emakumeakzientzian.eus\/wp-content\/uploads\/2023\/01\/Madame-Curie_0001.jpg","type":"image\/jpeg"}],"twitter_card":"summary_large_image","twitter_misc":{"Tiempo de lectura":"1 minuto"},"schema":{"@context":"https:\/\/schema.org","@graph":[{"@type":"WebPage","@id":"https:\/\/emakumeakzientzian.eus\/es\/ekitaldiak\/zinema-eta-zientzia-2023-madame-curie-m-leroy-1943-elisa-jimenez-kimikariak-aurkeztuta-2\/","url":"https:\/\/emakumeakzientzian.eus\/es\/ekitaldiak\/zinema-eta-zientzia-2023-madame-curie-m-leroy-1943-elisa-jimenez-kimikariak-aurkeztuta-2\/","name":"Ciclo de Cine y Ciencia 2023 - Presentado por la qu\u00edmica Elisa Jimenez - Emakumeak zientzian","isPartOf":{"@id":"https:\/\/emakumeakzientzian.eus\/es\/#website"},"primaryImageOfPage":{"@id":"https:\/\/emakumeakzientzian.eus\/es\/ekitaldiak\/zinema-eta-zientzia-2023-madame-curie-m-leroy-1943-elisa-jimenez-kimikariak-aurkeztuta-2\/#primaryimage"},"image":{"@id":"https:\/\/emakumeakzientzian.eus\/es\/ekitaldiak\/zinema-eta-zientzia-2023-madame-curie-m-leroy-1943-elisa-jimenez-kimikariak-aurkeztuta-2\/#primaryimage"},"thumbnailUrl":"https:\/\/emakumeakzientzian.eus\/wp-content\/uploads\/2023\/01\/Madame-Curie_0001.jpg","datePublished":"2023-01-12T00:03:04+00:00","dateModified":"2023-01-15T10:03:44+00:00","breadcrumb":{"@id":"https:\/\/emakumeakzientzian.eus\/es\/ekitaldiak\/zinema-eta-zientzia-2023-madame-curie-m-leroy-1943-elisa-jimenez-kimikariak-aurkeztuta-2\/#breadcrumb"},"inLanguage":"es","potentialAction":[{"@type":"ReadAction","target":["https:\/\/emakumeakzientzian.eus\/es\/ekitaldiak\/zinema-eta-zientzia-2023-madame-curie-m-leroy-1943-elisa-jimenez-kimikariak-aurkeztuta-2\/"]}]},{"@type":"ImageObject","inLanguage":"es","@id":"https:\/\/emakumeakzientzian.eus\/es\/ekitaldiak\/zinema-eta-zientzia-2023-madame-curie-m-leroy-1943-elisa-jimenez-kimikariak-aurkeztuta-2\/#primaryimage","url":"https:\/\/emakumeakzientzian.eus\/wp-content\/uploads\/2023\/01\/Madame-Curie_0001.jpg","contentUrl":"https:\/\/emakumeakzientzian.eus\/wp-content\/uploads\/2023\/01\/Madame-Curie_0001.jpg","width":1312,"height":1035},{"@type":"BreadcrumbList","@id":"https:\/\/emakumeakzientzian.eus\/es\/ekitaldiak\/zinema-eta-zientzia-2023-madame-curie-m-leroy-1943-elisa-jimenez-kimikariak-aurkeztuta-2\/#breadcrumb","itemListElement":[{"@type":"ListItem","position":1,"name":"Home","item":"https:\/\/emakumeakzientzian.eus\/es\/"},{"@type":"ListItem","position":2,"name":"Ciclo de Cine y Ciencia 2023 &#8211; Presentado por la qu\u00edmica Elisa Jimenez"}]},{"@type":"WebSite","@id":"https:\/\/emakumeakzientzian.eus\/es\/#website","url":"https:\/\/emakumeakzientzian.eus\/es\/","name":"Emakumeak zientzian","description":"Emakumeak zientzian jardunaldiak","publisher":{"@id":"https:\/\/emakumeakzientzian.eus\/es\/#organization"},"potentialAction":[{"@type":"SearchAction","target":{"@type":"EntryPoint","urlTemplate":"https:\/\/emakumeakzientzian.eus\/es\/?s={search_term_string}"},"query-input":{"@type":"PropertyValueSpecification","valueRequired":true,"valueName":"search_term_string"}}],"inLanguage":"es"},{"@type":"Organization","@id":"https:\/\/emakumeakzientzian.eus\/es\/#organization","name":"Emakumeak Zientzian","url":"https:\/\/emakumeakzientzian.eus\/es\/","logo":{"@type":"ImageObject","inLanguage":"es","@id":"https:\/\/emakumeakzientzian.eus\/es\/#\/schema\/logo\/image\/","url":"https:\/\/emakumeakzientzian.eus\/wp-content\/uploads\/2022\/11\/Logo-EEZZ.png","contentUrl":"https:\/\/emakumeakzientzian.eus\/wp-content\/uploads\/2022\/11\/Logo-EEZZ.png","width":1364,"height":1396,"caption":"Emakumeak Zientzian"},"image":{"@id":"https:\/\/emakumeakzientzian.eus\/es\/#\/schema\/logo\/image\/"}}]}},"_links":{"self":[{"href":"https:\/\/emakumeakzientzian.eus\/es\/wp-json\/wp\/v2\/ekitaldiak\/3704","targetHints":{"allow":["GET"]}}],"collection":[{"href":"https:\/\/emakumeakzientzian.eus\/es\/wp-json\/wp\/v2\/ekitaldiak"}],"about":[{"href":"https:\/\/emakumeakzientzian.eus\/es\/wp-json\/wp\/v2\/types\/ekitaldiak"}],"wp:featuredmedia":[{"embeddable":true,"href":"https:\/\/emakumeakzientzian.eus\/es\/wp-json\/wp\/v2\/media\/3696"}],"wp:attachment":[{"href":"https:\/\/emakumeakzientzian.eus\/es\/wp-json\/wp\/v2\/media?parent=3704"}],"wp:term":[{"taxonomy":"publikoa","embeddable":true,"href":"https:\/\/emakumeakzientzian.eus\/es\/wp-json\/wp\/v2\/publikoa?post=3704"},{"taxonomy":"ekintza_mota","embeddable":true,"href":"https:\/\/emakumeakzientzian.eus\/es\/wp-json\/wp\/v2\/ekintza_mota?post=3704"},{"taxonomy":"kokalekuak","embeddable":true,"href":"https:\/\/emakumeakzientzian.eus\/es\/wp-json\/wp\/v2\/kokalekuak?post=3704"},{"taxonomy":"udalerria","embeddable":true,"href":"https:\/\/emakumeakzientzian.eus\/es\/wp-json\/wp\/v2\/udalerria?post=3704"}],"curies":[{"name":"wp","href":"https:\/\/api.w.org\/{rel}","templated":true}]}}